{"id":10,"date":"2020-10-21T16:26:00","date_gmt":"2020-10-21T15:26:00","guid":{"rendered":"http:\/\/curiousabout.glasgowsciencecentre.org\/?page_id=10"},"modified":"2021-08-13T08:44:35","modified_gmt":"2021-08-13T07:44:35","slug":"the-greenhouse","status":"publish","type":"page","link":"https:\/\/curiousabout.glasgowsciencecentre.org\/ourplanet\/the-greenhouse\/","title":{"rendered":"The Greenhouse"},"content":{"rendered":"\n<h2 class=\"has-text-align-center\">Explore the different exhibitions below by clicking on the tile.<\/h2>\n\n\n\n<p><\/p>\n\n\n<div id=\"grid-filter\">\n    <div id=\"noswiper\"><\/div>\n<div id=\"event-filter\" class=\"event-filter category exhibit2\" data-term=\"\">\n    <ul>\n                \n            <li class=\"\">\n                <a\n                    href=\"\/ourplanet\/wp-json\/category\/art\/pages\/10\"\n                    data-term_id=\"42\"\n                    data-term=\"art\"\n                >\n                    <span class=\"category-title\">Art<\/span>\n                <\/a>\n            <\/li>\n            <li class=\"\">\n                <a\n                    href=\"\/ourplanet\/wp-json\/category\/biodiversity\/pages\/10\"\n                    data-term_id=\"48\"\n                    data-term=\"biodiversity\"\n                >\n                    <span class=\"category-title\">Biodiversity<\/span>\n                <\/a>\n            <\/li>\n            <li class=\"\">\n                <a\n                    href=\"\/ourplanet\/wp-json\/category\/citizen-science\/pages\/10\"\n                    data-term_id=\"73\"\n                    data-term=\"citizen-science\"\n                >\n                    <span class=\"category-title\">Citizen Science<\/span>\n                <\/a>\n            <\/li>\n            <li class=\"\">\n                <a\n                    href=\"\/ourplanet\/wp-json\/category\/citizenship\/pages\/10\"\n                    data-term_id=\"43\"\n                    data-term=\"citizenship\"\n                >\n                    <span class=\"category-title\">Citizenship<\/span>\n                <\/a>\n            <\/li>\n            <li class=\"\">\n                <a\n                    href=\"\/ourplanet\/wp-json\/category\/climate-change\/pages\/10\"\n                    data-term_id=\"47\"\n                    data-term=\"climate-change\"\n                >\n                    <span class=\"category-title\">Climate Change<\/span>\n                <\/a>\n            <\/li>\n            <li class=\"\">\n                <a\n                    href=\"\/ourplanet\/wp-json\/category\/conservation\/pages\/10\"\n                    data-term_id=\"44\"\n                    data-term=\"conservation\"\n                >\n                    <span class=\"category-title\">Conservation<\/span>\n                <\/a>\n            <\/li>\n            <li class=\"\">\n                <a\n                    href=\"\/ourplanet\/wp-json\/category\/energy\/pages\/10\"\n                    data-term_id=\"46\"\n                    data-term=\"energy\"\n                >\n                    <span class=\"category-title\">Energy<\/span>\n                <\/a>\n            <\/li>\n            <li class=\"\">\n                <a\n                    href=\"\/ourplanet\/wp-json\/category\/food\/pages\/10\"\n                    data-term_id=\"45\"\n                    data-term=\"food\"\n                >\n                    <span class=\"category-title\">Food<\/span>\n                <\/a>\n            <\/li>\n            <li class=\"\">\n                <a\n                    href=\"\/ourplanet\/wp-json\/category\/gaelic\/pages\/10\"\n                    data-term_id=\"50\"\n                    data-term=\"gaelic\"\n                >\n                    <span class=\"category-title\">Gaelic<\/span>\n                <\/a>\n            <\/li>\n            <li class=\"\">\n                <a\n                    href=\"\/ourplanet\/wp-json\/category\/nature\/pages\/10\"\n                    data-term_id=\"57\"\n                    data-term=\"nature\"\n                >\n                    <span class=\"category-title\">Nature<\/span>\n                <\/a>\n            <\/li>\n            <li class=\"\">\n                <a\n                    href=\"\/ourplanet\/wp-json\/category\/oceans\/pages\/10\"\n                    data-term_id=\"75\"\n                    data-term=\"oceans\"\n                >\n                    <span class=\"category-title\">Oceans<\/span>\n                <\/a>\n            <\/li>\n            <li class=\"\">\n                <a\n                    href=\"\/ourplanet\/wp-json\/category\/polar\/pages\/10\"\n                    data-term_id=\"74\"\n                    data-term=\"polar\"\n                >\n                    <span class=\"category-title\">Polar<\/span>\n                <\/a>\n            <\/li>\n            <li class=\"\">\n                <a\n                    href=\"\/ourplanet\/wp-json\/category\/research\/pages\/10\"\n                    data-term_id=\"49\"\n                    data-term=\"research\"\n                >\n                    <span class=\"category-title\">Research<\/span>\n                <\/a>\n            <\/li>\n            <li class=\"\">\n                <a\n                    href=\"\/ourplanet\/wp-json\/category\/sustainability\/pages\/10\"\n                    data-term_id=\"63\"\n                    data-term=\"sustainability\"\n                >\n                    <span class=\"category-title\">Sustainability<\/span>\n                <\/a>\n            <\/li>\n            <li class=\"\">\n                <a\n                    href=\"\/ourplanet\/wp-json\/category\/transport\/pages\/10\"\n                    data-term_id=\"72\"\n                    data-term=\"transport\"\n                >\n                    <span class=\"category-title\">Transport<\/span>\n                <\/a>\n            <\/li>\n            <li class=\"\">\n                <a\n                    href=\"\/ourplanet\/wp-json\/category\/water\/pages\/10\"\n                    data-term_id=\"52\"\n                    data-term=\"water\"\n                >\n                    <span class=\"category-title\">Water<\/span>\n                <\/a>\n            <\/li>    <\/ul>\n<\/div><\/div><div id=\"grid-wrapper\" class=\"grid-list\">\n<a href=\"https:\/\/curiousabout.glasgowsciencecentre.org\/ourplanet\/the-greenhouse\/the-changing-arctic-vr\/\" class=\"grid-list__item\">\n    <img width=\"610\" height=\"340\" src=\"https:\/\/curiousabout.glasgowsciencecentre.org\/ourplanet\/wp-content\/uploads\/sites\/1\/2022\/05\/shutterstock_1325834837-610x340.jpg\" class=\"attachment-thumbnail size-thumbnail wp-post-image\" alt=\"\" decoding=\"async\" loading=\"lazy\" \/>    <div class=\"grid-list__content\">\n        <ul class=\"grid-list__terms\"><li class=\"grid-list__restriction grid-list__restriction--8andover grid-list__restriction--1\">\n                        8 and over\n                    <\/li><li style=\"background-color:#835fa5;\" class=\"climate-change\">Climate Change<\/li><li style=\"background-color:#a99a44;\" class=\"nature\">Nature<\/li><li style=\"background-color:#609c9e;\" class=\"oceans\">Oceans<\/li><li style=\"background-color:#9bc6ff;\" class=\"polar\">Polar<\/li><\/ul>        <h3>The Changing Arctic VR<\/h3>        <div class=\"event-date\">\n            <!-- event date -->\n            <span class=\"event-date__item\">\n                            <\/span>\n        <\/div>\n        <span>Immerse yourself in the Arctic via this VR video. This is the companion exhibit content to our &#8216;Changing Arctic Ocean&#8217; exhibit on floor 2 of the Science Centre. All footage was captured by GSC during a 2018 trip to Svalbard. <\/span>    <\/div>\n<\/a>\n<a href=\"https:\/\/curiousabout.glasgowsciencecentre.org\/ourplanet\/the-greenhouse\/mission-2121\/\" class=\"grid-list__item\">\n    <img width=\"610\" height=\"340\" src=\"https:\/\/curiousabout.glasgowsciencecentre.org\/ourplanet\/wp-content\/uploads\/sites\/1\/2022\/05\/CS-header-610x340.jpg\" class=\"attachment-thumbnail size-thumbnail wp-post-image\" alt=\"\" decoding=\"async\" loading=\"lazy\" \/>    <div class=\"grid-list__content\">\n        <ul class=\"grid-list__terms\"><li class=\"grid-list__restriction grid-list__restriction--13andover grid-list__restriction--1\">\n                        13 and over\n                    <\/li><li style=\"background-color:#609a90;\" class=\"biodiversity\">Biodiversity<\/li><li style=\"background-color:#4d6133;\" class=\"conservation\">Conservation<\/li><li style=\"background-color:#ed6c58;\" class=\"sustainability\">Sustainability<\/li><\/ul>        <h3>Mission 2121<\/h3>        <div class=\"event-date\">\n            <!-- event date -->\n            <span class=\"event-date__item\">\n                            <\/span>\n        <\/div>\n        <span>MISSION 2121 is a video created to highlight the importance of peatlands through the lens of aliens who come to harvest the plant life once humanity has become extinct.<\/span>    <\/div>\n<\/a>\n<a href=\"https:\/\/curiousabout.glasgowsciencecentre.org\/ourplanet\/the-greenhouse\/adrift-%e2%88%86asea-ice\/\" class=\"grid-list__item\">\n    <img width=\"610\" height=\"340\" src=\"https:\/\/curiousabout.glasgowsciencecentre.org\/ourplanet\/wp-content\/uploads\/sites\/1\/2021\/08\/Adrift-art-and-global-warming-610x340.jpg\" class=\"attachment-thumbnail size-thumbnail wp-post-image\" alt=\"man sitting on iceberg floating out to sea\" decoding=\"async\" loading=\"lazy\" \/>    <div class=\"grid-list__content\">\n        <ul class=\"grid-list__terms\"><li class=\"grid-list__restriction grid-list__restriction--13andover grid-list__restriction--1\">\n                        13 and over\n                    <\/li><li style=\"background-color:#835fa5;\" class=\"climate-change\">Climate Change<\/li><li style=\"background-color:#9bc6ff;\" class=\"polar\">Polar<\/li><li style=\"background-color:#ed6c58;\" class=\"research\">Research<\/li><\/ul>        <h3>Adrift (\u2206Asea-ice)<\/h3>        <div class=\"event-date\">\n            <!-- event date -->\n            <span class=\"event-date__item\">\n                            <\/span>\n        <\/div>\n        <span>What if we could witness the effects of our own contribution to global heating? A groundbreaking scientific formula and a film from Greenland&#8217;s vanishing sea ice. Join artist-filmmaker Adam S\u00e9bire and physicist Dirk Notz for a live Q&#038;A after the film<\/span>    <\/div>\n<\/a>\n<a href=\"https:\/\/curiousabout.glasgowsciencecentre.org\/ourplanet\/the-greenhouse\/polar-zero\/\" class=\"grid-list__item\">\n    <img width=\"610\" height=\"340\" src=\"https:\/\/curiousabout.glasgowsciencecentre.org\/ourplanet\/wp-content\/uploads\/sites\/1\/2021\/09\/Wayne-Binitie-RCA_ice-bubble-recording-2-Pete-Bucktrout-610x340.jpg\" class=\"attachment-thumbnail size-thumbnail wp-post-image\" alt=\"\" decoding=\"async\" loading=\"lazy\" \/>    <div class=\"grid-list__content\">\n        <ul class=\"grid-list__terms\"><li class=\"grid-list__restriction grid-list__restriction--13andover grid-list__restriction--1\">\n                        13 and over\n                    <\/li><li style=\"background-color:#dd9933;\" class=\"art\">Art<\/li><li style=\"background-color:#835fa5;\" class=\"climate-change\">Climate Change<\/li><\/ul>        <h3>Polar Zero<\/h3>        <div class=\"event-date\">\n            <!-- event date -->\n            <span class=\"event-date__item\">\n                            <\/span>\n        <\/div>\n        <span>Artist and sculptor Wayne Binitie\u2019s immersive exhibition, Polar Zero, explores the past, present and future of our relationship with the planet and its climate. Find out more in this interview with the artist and scientists involved.<\/span>    <\/div>\n<\/a>\n<a href=\"https:\/\/curiousabout.glasgowsciencecentre.org\/ourplanet\/the-greenhouse\/lets-talk-energy\/\" class=\"grid-list__item\">\n    <img width=\"610\" height=\"340\" src=\"https:\/\/curiousabout.glasgowsciencecentre.org\/ourplanet\/wp-content\/uploads\/sites\/1\/2021\/12\/Image-for-LTE-on-Curious-About-site-610x340.png\" class=\"attachment-thumbnail size-thumbnail wp-post-image\" alt=\"\" decoding=\"async\" loading=\"lazy\" \/>    <div class=\"grid-list__content\">\n        <ul class=\"grid-list__terms\"><li class=\"grid-list__restriction grid-list__restriction--11andover grid-list__restriction--1\">\n                        11 and over\n                    <\/li><li style=\"background-color:#835fa5;\" class=\"climate-change\">Climate Change<\/li><li style=\"background-color:#aa8865;\" class=\"energy\">Energy<\/li><li style=\"background-color:#ed6c58;\" class=\"sustainability\">Sustainability<\/li><\/ul>        <h3>Let&#8217;s Talk Energy<\/h3>        <div class=\"event-date\">\n            <!-- event date -->\n            <span class=\"event-date__item\">\n                            <\/span>\n        <\/div>\n        <span>Recreate the COP26 climate summit in your classroom as pupils investigate how Scotland can reach net zero by 2045.<\/span>    <\/div>\n<\/a>\n<a href=\"https:\/\/curiousabout.glasgowsciencecentre.org\/ourplanet\/the-greenhouse\/eat-to-save-the-planet\/\" class=\"grid-list__item\">\n    <img width=\"610\" height=\"340\" src=\"https:\/\/curiousabout.glasgowsciencecentre.org\/ourplanet\/wp-content\/uploads\/sites\/1\/2021\/09\/Screenshot-2021-09-14-at-11.22.34-610x340.png\" class=\"attachment-thumbnail size-thumbnail wp-post-image\" alt=\"\" decoding=\"async\" loading=\"lazy\" \/>    <div class=\"grid-list__content\">\n        <ul class=\"grid-list__terms\"><li class=\"grid-list__restriction grid-list__restriction--allages grid-list__restriction--1\">\n                        all ages\n                    <\/li><li style=\"background-color:#835fa5;\" class=\"climate-change\">Climate Change<\/li><li style=\"background-color:#609a90;\" class=\"food\">Food<\/li><li style=\"background-color:#ed6c58;\" class=\"sustainability\">Sustainability<\/li><\/ul>        <h3>Rethink Food: Eat to Save the Planet<\/h3>        <div class=\"event-date\">\n            <!-- event date -->\n            <span class=\"event-date__item\">\n                            <\/span>\n        <\/div>\n        <span>Renfrewshire schools teamed up with Rethink Food to learn about the effects our food system has on the environment. Using the UN Sustainable Development Goals, pupils worked to find positive solutions in support of a more sustainable future.<\/span>    <\/div>\n<\/a>\n<a href=\"https:\/\/curiousabout.glasgowsciencecentre.org\/ourplanet\/the-greenhouse\/climate-change-message-in-a-bottle\/\" class=\"grid-list__item\">\n    <img width=\"610\" height=\"340\" src=\"https:\/\/curiousabout.glasgowsciencecentre.org\/ourplanet\/wp-content\/uploads\/sites\/1\/2021\/09\/MicrosoftTeams-image-5-610x340.jpg\" class=\"attachment-thumbnail size-thumbnail wp-post-image\" alt=\"\" decoding=\"async\" loading=\"lazy\" \/>    <div class=\"grid-list__content\">\n        <ul class=\"grid-list__terms\"><li class=\"grid-list__restriction grid-list__restriction--allages grid-list__restriction--1\">\n                        all ages\n                    <\/li><li style=\"background-color:#dd9933;\" class=\"art\">Art<\/li><li style=\"background-color:#cd27f7;\" class=\"citizen-science\">Citizen Science<\/li><li style=\"background-color:#835fa5;\" class=\"climate-change\">Climate Change<\/li><li style=\"background-color:#aa8865;\" class=\"gaelic\">Gaelic<\/li><\/ul>        <h3>Climate Change Message in a Bottle: Bringing the Voices of Island Youth to COP26<\/h3>        <div class=\"event-date\">\n            <!-- event date -->\n            <span class=\"event-date__item\">\n                            <\/span>\n        <\/div>\n        <span>\u2018Climate Change Message in a Bottle\u2019 is a project run by Strathclyde Centre for Environmental Law and Governance and Taigh Chearsabhagh Museum and Arts Centre, which is collecting messages to COP26 from Scottish island primary schools and the public!<\/span>    <\/div>\n<\/a>\n<a href=\"https:\/\/curiousabout.glasgowsciencecentre.org\/ourplanet\/the-greenhouse\/ocean-artic\/\" class=\"grid-list__item\">\n    <img width=\"610\" height=\"340\" src=\"https:\/\/curiousabout.glasgowsciencecentre.org\/ourplanet\/wp-content\/uploads\/sites\/1\/2021\/09\/DSF6151-01_2-610x340.jpeg\" class=\"attachment-thumbnail size-thumbnail wp-post-image\" alt=\"\" decoding=\"async\" loading=\"lazy\" \/>    <div class=\"grid-list__content\">\n        <ul class=\"grid-list__terms\"><li style=\"background-color:#dd9933;\" class=\"art\">Art<\/li><li style=\"background-color:#835fa5;\" class=\"climate-change\">Climate Change<\/li><li style=\"background-color:#609c9e;\" class=\"oceans\">Oceans<\/li><li style=\"background-color:#ed6c58;\" class=\"water\">Water<\/li><\/ul>        <h3>Holding the Ocean<\/h3>        <div class=\"event-date\">\n            <!-- event date -->\n            <span class=\"event-date__item\">\n                            <\/span>\n        <\/div>\n        <span>Take a journey that connects you to the ocean, exploring both intuitive and hidden links with the waters that define so much of Scotland. You are invited to reflect and interact with the platform by artist, Eve Mosher. <\/span>    <\/div>\n<\/a>\n<a href=\"https:\/\/curiousabout.glasgowsciencecentre.org\/ourplanet\/the-greenhouse\/breakdown\/\" class=\"grid-list__item\">\n    <img width=\"610\" height=\"340\" src=\"https:\/\/curiousabout.glasgowsciencecentre.org\/ourplanet\/wp-content\/uploads\/sites\/1\/2021\/08\/Breakdown-Jo\u0308kulsa\u0301rlo\u0301n-ice-global-warming-melt-610x340.jpg\" class=\"attachment-thumbnail size-thumbnail wp-post-image\" alt=\"Image of sea ice melting\" decoding=\"async\" loading=\"lazy\" \/>    <div class=\"grid-list__content\">\n        <ul class=\"grid-list__terms\"><li class=\"grid-list__restriction grid-list__restriction--allages grid-list__restriction--1\">\n                        all ages\n                    <\/li><li style=\"background-color:#835fa5;\" class=\"climate-change\">Climate Change<\/li><li style=\"background-color:#dd8604;\" class=\"transport\">Transport<\/li><\/ul>        <h3>Breakdown<\/h3>        <div class=\"event-date\">\n            <!-- event date -->\n            <span class=\"event-date__item\">\n                            <\/span>\n        <\/div>\n        <span>The traffic just seems to be getting  worse every day at Iceland&#8217;s iceberg lagoon, J\u00f6kuls\u00e1rl\u00f3n&#8230;  <\/span>    <\/div>\n<\/a>\n<a href=\"https:\/\/curiousabout.glasgowsciencecentre.org\/ourplanet\/the-greenhouse\/feeling-the-heat\/\" class=\"grid-list__item\">\n    <img width=\"610\" height=\"340\" src=\"https:\/\/curiousabout.glasgowsciencecentre.org\/ourplanet\/wp-content\/uploads\/sites\/1\/2021\/08\/Feeling-the-Heat-6-thermal-imaging-art-610x340.jpg\" class=\"attachment-thumbnail size-thumbnail wp-post-image\" alt=\"A painting made up of three sections showing heatmap images\" decoding=\"async\" loading=\"lazy\" \/>    <div class=\"grid-list__content\">\n        <ul class=\"grid-list__terms\"><li class=\"grid-list__restriction grid-list__restriction--adultsonly grid-list__restriction--1\">\n                        adults only\n                    <\/li><li style=\"background-color:#835fa5;\" class=\"climate-change\">Climate Change<\/li><li style=\"background-color:#ed6c58;\" class=\"research\">Research<\/li><\/ul>        <h3>Feeling The Heat<\/h3>        <div class=\"event-date\">\n            <!-- event date -->\n            <span class=\"event-date__item\">\n                            <\/span>\n        <\/div>\n        <span>How do climate scientists, working  on the front line of a problem that&#8217;s invisible to most of us, respond to it as human beings, as citizens of this planet? A visually spectacular triptych from Adam S\u00e9bire, featuring rare thermographic imagery.<\/span>    <\/div>\n<\/a>\n<a href=\"https:\/\/curiousabout.glasgowsciencecentre.org\/ourplanet\/the-greenhouse\/arctic-prize\/\" class=\"grid-list__item\">\n    <img width=\"610\" height=\"340\" src=\"https:\/\/curiousabout.glasgowsciencecentre.org\/ourplanet\/wp-content\/uploads\/sites\/1\/2020\/12\/Arcticprize1-610x340.png\" class=\"attachment-thumbnail size-thumbnail wp-post-image\" alt=\"\" decoding=\"async\" loading=\"lazy\" \/>    <div class=\"grid-list__content\">\n        <ul class=\"grid-list__terms\"><li class=\"grid-list__restriction grid-list__restriction--8andover grid-list__restriction--1\">\n                        8 and over\n                    <\/li><li style=\"background-color:#835fa5;\" class=\"climate-change\">Climate Change<\/li><li style=\"background-color:#ed6c58;\" class=\"research\">Research<\/li><\/ul>        <h3>Arctic Prize: The Longest Day<\/h3>        <div class=\"event-date\">\n            <!-- event date -->\n            <span class=\"event-date__item\">\n                            <\/span>\n        <\/div>\n        <span>This film was made during the 24 hour daylight of the Arctic Spring, when life blooms again after the darkness of the Polar winter. From the  Scottish Association for Marine Science and UiT The Arctic University of Norway, funded by NERC.<\/span>    <\/div>\n<\/a>\n<a href=\"https:\/\/curiousabout.glasgowsciencecentre.org\/ourplanet\/the-greenhouse\/ben-and-billy\/\" class=\"grid-list__item\">\n    <img width=\"610\" height=\"340\" src=\"https:\/\/curiousabout.glasgowsciencecentre.org\/ourplanet\/wp-content\/uploads\/sites\/1\/2021\/08\/CV-Ben-Billy-thumbnail-610x340.png\" class=\"attachment-thumbnail size-thumbnail wp-post-image\" alt=\"Two children sitting next to title &quot;Climate Voices&quot;\" decoding=\"async\" loading=\"lazy\" srcset=\"https:\/\/curiousabout.glasgowsciencecentre.org\/ourplanet\/wp-content\/uploads\/sites\/1\/2021\/08\/CV-Ben-Billy-thumbnail-610x340.png 610w, https:\/\/curiousabout.glasgowsciencecentre.org\/ourplanet\/wp-content\/uploads\/sites\/1\/2021\/08\/CV-Ben-Billy-thumbnail-300x168.png 300w, https:\/\/curiousabout.glasgowsciencecentre.org\/ourplanet\/wp-content\/uploads\/sites\/1\/2021\/08\/CV-Ben-Billy-thumbnail-768x429.png 768w, https:\/\/curiousabout.glasgowsciencecentre.org\/ourplanet\/wp-content\/uploads\/sites\/1\/2021\/08\/CV-Ben-Billy-thumbnail-1024x572.png 1024w, https:\/\/curiousabout.glasgowsciencecentre.org\/ourplanet\/wp-content\/uploads\/sites\/1\/2021\/08\/CV-Ben-Billy-thumbnail-1536x858.png 1536w, https:\/\/curiousabout.glasgowsciencecentre.org\/ourplanet\/wp-content\/uploads\/sites\/1\/2021\/08\/CV-Ben-Billy-thumbnail-320x179.png 320w, https:\/\/curiousabout.glasgowsciencecentre.org\/ourplanet\/wp-content\/uploads\/sites\/1\/2021\/08\/CV-Ben-Billy-thumbnail-480x268.png 480w, https:\/\/curiousabout.glasgowsciencecentre.org\/ourplanet\/wp-content\/uploads\/sites\/1\/2021\/08\/CV-Ben-Billy-thumbnail-1440x804.png 1440w, https:\/\/curiousabout.glasgowsciencecentre.org\/ourplanet\/wp-content\/uploads\/sites\/1\/2021\/08\/CV-Ben-Billy-thumbnail.png 1642w\" sizes=\"(max-width: 610px) 100vw, 610px\" \/>    <div class=\"grid-list__content\">\n        <ul class=\"grid-list__terms\"><li class=\"grid-list__restriction grid-list__restriction--allages grid-list__restriction--1\">\n                        all ages\n                    <\/li><li style=\"background-color:#835fa5;\" class=\"climate-change\">Climate Change<\/li><\/ul>        <h3>Climate Voices: GSC Visitors  Ben and Billy<\/h3>        <div class=\"event-date\">\n            <!-- event date -->\n            <span class=\"event-date__item\">\n                            <\/span>\n        <\/div>\n        <span>In this Climate Voices video, two young visitors to Glasgow Science Centre tell us about their hopes for the future for life on our planet.<\/span>    <\/div>\n<\/a>\n<a href=\"https:\/\/curiousabout.glasgowsciencecentre.org\/ourplanet\/the-greenhouse\/cara-and-sophie\/\" class=\"grid-list__item\">\n    <img width=\"610\" height=\"340\" src=\"https:\/\/curiousabout.glasgowsciencecentre.org\/ourplanet\/wp-content\/uploads\/sites\/1\/2021\/08\/CV-Cara-Sophie-thumbnail-610x340.png\" class=\"attachment-thumbnail size-thumbnail wp-post-image\" alt=\"Two children sitting next to title &quot;Climate Voices&quot;\" decoding=\"async\" loading=\"lazy\" \/>    <div class=\"grid-list__content\">\n        <ul class=\"grid-list__terms\"><li class=\"grid-list__restriction grid-list__restriction--allages grid-list__restriction--1\">\n                        all ages\n                    <\/li><li style=\"background-color:#835fa5;\" class=\"climate-change\">Climate Change<\/li><\/ul>        <h3>Climate Voices: GSC Visitors Cara and Sophie<\/h3>        <div class=\"event-date\">\n            <!-- event date -->\n            <span class=\"event-date__item\">\n                            <\/span>\n        <\/div>\n        <span>In this Climate Voices video, two young visitors to Glasgow Science Centre tell us about their hopes for our planet and COP26.<\/span>    <\/div>\n<\/a>\n<a href=\"https:\/\/curiousabout.glasgowsciencecentre.org\/ourplanet\/the-greenhouse\/grant-lauren-coren-and-cara\/\" class=\"grid-list__item\">\n    <img width=\"610\" height=\"340\" src=\"https:\/\/curiousabout.glasgowsciencecentre.org\/ourplanet\/wp-content\/uploads\/sites\/1\/2021\/08\/CV-family-thumbnail-610x340.png\" class=\"attachment-thumbnail size-thumbnail wp-post-image\" alt=\"family sitting together next to title &quot;Climate Voices&quot;\" decoding=\"async\" loading=\"lazy\" srcset=\"https:\/\/curiousabout.glasgowsciencecentre.org\/ourplanet\/wp-content\/uploads\/sites\/1\/2021\/08\/CV-family-thumbnail-610x340.png 610w, https:\/\/curiousabout.glasgowsciencecentre.org\/ourplanet\/wp-content\/uploads\/sites\/1\/2021\/08\/CV-family-thumbnail-300x168.png 300w, https:\/\/curiousabout.glasgowsciencecentre.org\/ourplanet\/wp-content\/uploads\/sites\/1\/2021\/08\/CV-family-thumbnail-320x179.png 320w, https:\/\/curiousabout.glasgowsciencecentre.org\/ourplanet\/wp-content\/uploads\/sites\/1\/2021\/08\/CV-family-thumbnail-480x269.png 480w\" sizes=\"(max-width: 610px) 100vw, 610px\" \/>    <div class=\"grid-list__content\">\n        <ul class=\"grid-list__terms\"><li class=\"grid-list__restriction grid-list__restriction--allages grid-list__restriction--1\">\n                        all ages\n                    <\/li><li style=\"background-color:#835fa5;\" class=\"climate-change\">Climate Change<\/li><\/ul>        <h3>Climate Voices: GSC Visitors Grant, Lauren, Coren and Cara<\/h3>        <div class=\"event-date\">\n            <!-- event date -->\n            <span class=\"event-date__item\">\n                            <\/span>\n        <\/div>\n        <span>In this Climate Voices video, visitors to Glasgow Science Centre tell us about their hopes for the future for our planet. <\/span>    <\/div>\n<\/a>\n<a href=\"https:\/\/curiousabout.glasgowsciencecentre.org\/ourplanet\/the-greenhouse\/ice-core-research-gallery-british-antarctic-survey\/\" class=\"grid-list__item\">\n    <img width=\"610\" height=\"340\" src=\"https:\/\/curiousabout.glasgowsciencecentre.org\/ourplanet\/wp-content\/uploads\/sites\/1\/2021\/02\/10006700-610x340.jpg\" class=\"attachment-thumbnail size-thumbnail wp-post-image\" alt=\"\" decoding=\"async\" loading=\"lazy\" \/>    <div class=\"grid-list__content\">\n        <ul class=\"grid-list__terms\"><li class=\"grid-list__restriction grid-list__restriction--8andover grid-list__restriction--1\">\n                        8 and over\n                    <\/li><li style=\"background-color:#835fa5;\" class=\"climate-change\">Climate Change<\/li><li style=\"background-color:#ed6c58;\" class=\"research\">Research<\/li><\/ul>        <h3>British Antarctic Survey: Ice Core Research Gallery<\/h3>        <div class=\"event-date\">\n            <!-- event date -->\n            <span class=\"event-date__item\">\n                            <\/span>\n        <\/div>\n        <span>This gallery shows the process of retrieving and analysing ice cores to taking clues from the past to help predict our climate future.<\/span>    <\/div>\n<\/a>\n<a href=\"https:\/\/curiousabout.glasgowsciencecentre.org\/ourplanet\/the-greenhouse\/british-antarctic-survey-data-as-art-polar-aesthetics\/\" class=\"grid-list__item\">\n    <img width=\"610\" height=\"340\" src=\"https:\/\/curiousabout.glasgowsciencecentre.org\/ourplanet\/wp-content\/uploads\/sites\/1\/2021\/02\/va-610x340.png\" class=\"attachment-thumbnail size-thumbnail wp-post-image\" alt=\"\" decoding=\"async\" loading=\"lazy\" \/>    <div class=\"grid-list__content\">\n        <ul class=\"grid-list__terms\"><li class=\"grid-list__restriction grid-list__restriction--13andover grid-list__restriction--1\">\n                        13 and over\n                    <\/li><li style=\"background-color:#835fa5;\" class=\"climate-change\">Climate Change<\/li><\/ul>        <h3>British Antarctic Survey: Data as Art<\/h3>        <div class=\"event-date\">\n            <!-- event date -->\n            <span class=\"event-date__item\">\n                            <\/span>\n        <\/div>\n        <span>Data as Art is a series of dramatic and powerful artworks that are visually engaging and help to explain complex science and their importance.<\/span>    <\/div>\n<\/a>\n<a href=\"https:\/\/curiousabout.glasgowsciencecentre.org\/ourplanet\/the-greenhouse\/into-the-dark-gallery\/\" class=\"grid-list__item\">\n    <img width=\"610\" height=\"340\" src=\"https:\/\/curiousabout.glasgowsciencecentre.org\/ourplanet\/wp-content\/uploads\/sites\/1\/2021\/02\/GSC_Snyder_Into-the-Dark_Upload-Quality-9-610x340.jpg\" class=\"attachment-thumbnail size-thumbnail wp-post-image\" alt=\"\" decoding=\"async\" loading=\"lazy\" \/>    <div class=\"grid-list__content\">\n        <ul class=\"grid-list__terms\"><li class=\"grid-list__restriction grid-list__restriction--allages grid-list__restriction--1\">\n                        all ages\n                    <\/li><li style=\"background-color:#835fa5;\" class=\"climate-change\">Climate Change<\/li><li style=\"background-color:#ed6c58;\" class=\"research\">Research<\/li><\/ul>        <h3>Into the Dark Gallery<\/h3>        <div class=\"event-date\">\n            <!-- event date -->\n            <span class=\"event-date__item\">\n                            <\/span>\n        <\/div>\n        <span>Battling subzero temperatures and forty-foot seas, a team of scientists embark on a perilous winter expedition into the darkest regions of the Arctic.<\/span>    <\/div>\n<\/a>\n<a href=\"https:\/\/curiousabout.glasgowsciencecentre.org\/ourplanet\/the-greenhouse\/film\/\" class=\"grid-list__item\">\n    <img width=\"610\" height=\"340\" src=\"https:\/\/curiousabout.glasgowsciencecentre.org\/ourplanet\/wp-content\/uploads\/sites\/1\/2020\/12\/thumbnail-8-610x340.png\" class=\"attachment-thumbnail size-thumbnail wp-post-image\" alt=\"\" decoding=\"async\" loading=\"lazy\" srcset=\"https:\/\/curiousabout.glasgowsciencecentre.org\/ourplanet\/wp-content\/uploads\/sites\/1\/2020\/12\/thumbnail-8-610x340.png 610w, https:\/\/curiousabout.glasgowsciencecentre.org\/ourplanet\/wp-content\/uploads\/sites\/1\/2020\/12\/thumbnail-8-300x167.png 300w, https:\/\/curiousabout.glasgowsciencecentre.org\/ourplanet\/wp-content\/uploads\/sites\/1\/2020\/12\/thumbnail-8-320x179.png 320w, https:\/\/curiousabout.glasgowsciencecentre.org\/ourplanet\/wp-content\/uploads\/sites\/1\/2020\/12\/thumbnail-8-480x268.png 480w, https:\/\/curiousabout.glasgowsciencecentre.org\/ourplanet\/wp-content\/uploads\/sites\/1\/2020\/12\/thumbnail-8.png 724w\" sizes=\"(max-width: 610px) 100vw, 610px\" \/>    <div class=\"grid-list__content\">\n        <ul class=\"grid-list__terms\"><li class=\"grid-list__restriction grid-list__restriction--8andover grid-list__restriction--1\">\n                        8 and over\n                    <\/li><li style=\"background-color:#609a90;\" class=\"biodiversity\">Biodiversity<\/li><li style=\"background-color:#4d6133;\" class=\"conservation\">Conservation<\/li><\/ul>        <h3>The Promise: From Acorn to Oak (Time Lapse)<\/h3>        <div class=\"event-date\">\n            <!-- event date -->\n            <span class=\"event-date__item\">\n                            <\/span>\n        <\/div>\n        <span>Discover how the majestic oak begins its life from acorn to sapling in this captivating short film.<\/span>    <\/div>\n<\/a>\n<a href=\"https:\/\/curiousabout.glasgowsciencecentre.org\/ourplanet\/the-greenhouse\/the-promise\/\" class=\"grid-list__item\">\n    <img width=\"610\" height=\"340\" src=\"https:\/\/curiousabout.glasgowsciencecentre.org\/ourplanet\/wp-content\/uploads\/sites\/1\/2020\/11\/thumbnail-610x340.png\" class=\"attachment-thumbnail size-thumbnail wp-post-image\" alt=\"\" decoding=\"async\" loading=\"lazy\" srcset=\"https:\/\/curiousabout.glasgowsciencecentre.org\/ourplanet\/wp-content\/uploads\/sites\/1\/2020\/11\/thumbnail-610x340.png 610w, https:\/\/curiousabout.glasgowsciencecentre.org\/ourplanet\/wp-content\/uploads\/sites\/1\/2020\/11\/thumbnail-300x167.png 300w, https:\/\/curiousabout.glasgowsciencecentre.org\/ourplanet\/wp-content\/uploads\/sites\/1\/2020\/11\/thumbnail-320x178.png 320w, https:\/\/curiousabout.glasgowsciencecentre.org\/ourplanet\/wp-content\/uploads\/sites\/1\/2020\/11\/thumbnail-480x268.png 480w, https:\/\/curiousabout.glasgowsciencecentre.org\/ourplanet\/wp-content\/uploads\/sites\/1\/2020\/11\/thumbnail.png 719w\" sizes=\"(max-width: 610px) 100vw, 610px\" \/>    <div class=\"grid-list__content\">\n        <ul class=\"grid-list__terms\"><li class=\"grid-list__restriction grid-list__restriction--8andover grid-list__restriction--1\">\n                        8 and over\n                    <\/li><li style=\"background-color:#cd27f7;\" class=\"citizen-science\">Citizen Science<\/li><li style=\"background-color:#4d6133;\" class=\"conservation\">Conservation<\/li><\/ul>        <h3>The Promise<\/h3>        <div class=\"event-date\">\n            <!-- event date -->\n            <span class=\"event-date__item\">\n                            <\/span>\n        <\/div>\n        <span>The Promise is a new BBC film based on the children&#8217;s picture book by Nicola Davies and Laura Carlin. English language version.<\/span>    <\/div>\n<\/a>\n<a href=\"https:\/\/curiousabout.glasgowsciencecentre.org\/ourplanet\/the-greenhouse\/introduction-to-the-promise\/\" class=\"grid-list__item\">\n    <img width=\"610\" height=\"340\" src=\"https:\/\/curiousabout.glasgowsciencecentre.org\/ourplanet\/wp-content\/uploads\/sites\/1\/2021\/08\/The-Promise-Introduction-610x340.png\" class=\"attachment-thumbnail size-thumbnail wp-post-image\" alt=\"\" decoding=\"async\" loading=\"lazy\" \/>    <div class=\"grid-list__content\">\n        <ul class=\"grid-list__terms\"><li class=\"grid-list__restriction grid-list__restriction--8andover grid-list__restriction--1\">\n                        8 and over\n                    <\/li><li style=\"background-color:#835fa5;\" class=\"citizenship\">Citizenship<\/li><li style=\"background-color:#4d6133;\" class=\"conservation\">Conservation<\/li><\/ul>        <h3>Introduction to The Promise<\/h3>        <div class=\"event-date\">\n            <!-- event date -->\n            <span class=\"event-date__item\">\n                            <\/span>\n        <\/div>\n        <span>The Promise is a new BBC film based on the children&#8217;s picture book by Nicola Davies and Laura Carlin. <\/span>    <\/div>\n<\/a>\n<a href=\"https:\/\/curiousabout.glasgowsciencecentre.org\/ourplanet\/the-greenhouse\/the-promise-in-gaelic\/\" class=\"grid-list__item\">\n    <img width=\"610\" height=\"340\" src=\"https:\/\/curiousabout.glasgowsciencecentre.org\/ourplanet\/wp-content\/uploads\/sites\/1\/2021\/01\/maxresdefault-6-610x340.jpg\" class=\"attachment-thumbnail size-thumbnail wp-post-image\" alt=\"\" decoding=\"async\" loading=\"lazy\" \/>    <div class=\"grid-list__content\">\n        <ul class=\"grid-list__terms\"><li class=\"grid-list__restriction grid-list__restriction--8andover grid-list__restriction--1\">\n                        8 and over\n                    <\/li><li style=\"background-color:#835fa5;\" class=\"citizenship\">Citizenship<\/li><li style=\"background-color:#4d6133;\" class=\"conservation\">Conservation<\/li><li style=\"background-color:#aa8865;\" class=\"gaelic\">Gaelic<\/li><\/ul>        <h3>The Promise in Gaelic<\/h3>        <div class=\"event-date\">\n            <!-- event date -->\n            <span class=\"event-date__item\">\n                            <\/span>\n        <\/div>\n        <span>The Promise is a new BBC film based on the children&#8217;s picture book by Nicola Davies and Laura Carlin. This version is read in Gaelic by Julie Fowlis.<\/span>    <\/div>\n<\/a>\n<a href=\"https:\/\/curiousabout.glasgowsciencecentre.org\/ourplanet\/the-greenhouse\/an-drasta\/\" class=\"grid-list__item\">\n    <img width=\"610\" height=\"340\" src=\"https:\/\/curiousabout.glasgowsciencecentre.org\/ourplanet\/wp-content\/uploads\/sites\/1\/2020\/12\/andrasta-1-610x340.png\" class=\"attachment-thumbnail size-thumbnail wp-post-image\" alt=\"\" decoding=\"async\" loading=\"lazy\" \/>    <div class=\"grid-list__content\">\n        <ul class=\"grid-list__terms\"><li class=\"grid-list__restriction grid-list__restriction--8andover grid-list__restriction--1\">\n                        8 and over\n                    <\/li><li style=\"background-color:#609a90;\" class=\"biodiversity\">Biodiversity<\/li><li style=\"background-color:#835fa5;\" class=\"citizenship\">Citizenship<\/li><li style=\"background-color:#4d6133;\" class=\"conservation\">Conservation<\/li><li style=\"background-color:#aa8865;\" class=\"gaelic\">Gaelic<\/li><\/ul>        <h3>AN-DR\u00c0STA<\/h3>        <div class=\"event-date\">\n            <!-- event date -->\n            <span class=\"event-date__item\">\n                            <\/span>\n        <\/div>\n        <span>An-Dr\u00e0sta examines how the climate emergency is affecting the Western Isles. It is a plea from our young people to protect our shared futures.<\/span>    <\/div>\n<\/a>\n<a href=\"https:\/\/curiousabout.glasgowsciencecentre.org\/ourplanet\/the-greenhouse\/lines\/\" class=\"grid-list__item\">\n    <img width=\"610\" height=\"340\" src=\"https:\/\/curiousabout.glasgowsciencecentre.org\/ourplanet\/wp-content\/uploads\/sites\/1\/2021\/02\/uist-610x340.png\" class=\"attachment-thumbnail size-thumbnail wp-post-image\" alt=\"\" decoding=\"async\" loading=\"lazy\" \/>    <div class=\"grid-list__content\">\n        <ul class=\"grid-list__terms\"><li class=\"grid-list__restriction grid-list__restriction--13andover grid-list__restriction--1\">\n                        13 and over\n                    <\/li><li style=\"background-color:#835fa5;\" class=\"climate-change\">Climate Change<\/li><\/ul>        <h3>Lines<\/h3>        <div class=\"event-date\">\n            <!-- event date -->\n            <span class=\"event-date__item\">\n                            <\/span>\n        <\/div>\n        <span>This light installation, on the Isle of North Uist in the Outer Hebrides of Scotland, explores the the catastrophic impact of climate change.<\/span>    <\/div>\n<\/a>\n<a href=\"https:\/\/curiousabout.glasgowsciencecentre.org\/ourplanet\/the-greenhouse\/climate-voices-sgoil-uibhist-a-tuath\/\" class=\"grid-list__item\">\n    <img width=\"610\" height=\"340\" src=\"https:\/\/curiousabout.glasgowsciencecentre.org\/ourplanet\/wp-content\/uploads\/sites\/1\/2021\/02\/scotland-1897453_1920-610x340.jpg\" class=\"attachment-thumbnail size-thumbnail wp-post-image\" alt=\"\" decoding=\"async\" loading=\"lazy\" \/>    <div class=\"grid-list__content\">\n        <ul class=\"grid-list__terms\"><li class=\"grid-list__restriction grid-list__restriction--8andover grid-list__restriction--1\">\n                        8 and over\n                    <\/li><li style=\"background-color:#835fa5;\" class=\"climate-change\">Climate Change<\/li><li style=\"background-color:#aa8865;\" class=\"gaelic\">Gaelic<\/li><\/ul>        <h3>Climate Voices: Sgoil Uibhist a Tuath<\/h3>        <div class=\"event-date\">\n            <!-- event date -->\n            <span class=\"event-date__item\">\n                            <\/span>\n        <\/div>\n        <span>Climate Change can appear to be all doom and gloom, but join us as we hear from people all over the UK, sharing their hopes for our planet and their future.<\/span>    <\/div>\n<\/a>\n<a href=\"https:\/\/curiousabout.glasgowsciencecentre.org\/ourplanet\/the-greenhouse\/climate-voices-sunnyside-primary-school\/\" class=\"grid-list__item\">\n    <img width=\"610\" height=\"340\" src=\"https:\/\/curiousabout.glasgowsciencecentre.org\/ourplanet\/wp-content\/uploads\/sites\/1\/2021\/08\/Sunnyside-Thumbnail-610x340.png\" class=\"attachment-thumbnail size-thumbnail wp-post-image\" alt=\"Presenter from Sunnyside Primary School\" decoding=\"async\" loading=\"lazy\" \/>    <div class=\"grid-list__content\">\n        <ul class=\"grid-list__terms\"><li class=\"grid-list__restriction grid-list__restriction--8andover grid-list__restriction--1\">\n                        8 and over\n                    <\/li><li style=\"background-color:#835fa5;\" class=\"climate-change\">Climate Change<\/li><\/ul>        <h3>Climate Voices: Sunnyside Primary School<\/h3>        <div class=\"event-date\">\n            <!-- event date -->\n            <span class=\"event-date__item\">\n                            <\/span>\n        <\/div>\n        <span>In this Climate Voices video, pupils from Sunnyside Primary School, School of Conservation, Glasgow, tell us about their hopes for our planet. <\/span>    <\/div>\n<\/a>\n<a href=\"https:\/\/curiousabout.glasgowsciencecentre.org\/ourplanet\/the-greenhouse\/climate-voices-wilf-wonders\/\" class=\"grid-list__item\">\n    <img width=\"610\" height=\"340\" src=\"https:\/\/curiousabout.glasgowsciencecentre.org\/ourplanet\/wp-content\/uploads\/sites\/1\/2021\/01\/CV6-Wilf-Wonders-TN-610x340.png\" class=\"attachment-thumbnail size-thumbnail wp-post-image\" alt=\"\" decoding=\"async\" loading=\"lazy\" \/>    <div class=\"grid-list__content\">\n        <ul class=\"grid-list__terms\"><li class=\"grid-list__restriction grid-list__restriction--8andover grid-list__restriction--1\">\n                        8 and over\n                    <\/li><li style=\"background-color:#835fa5;\" class=\"climate-change\">Climate Change<\/li><\/ul>        <h3>Climate Voices: Wilf Wonders<\/h3>        <div class=\"event-date\">\n            <!-- event date -->\n            <span class=\"event-date__item\">\n                            <\/span>\n        <\/div>\n        <span>Eight-year-old Wilf Wonders shares his views on climate change and his hopes for the future. Wilf has his own YouTube channel where he answers the big questions in chemistry, physics, maths and climate change.<\/span>    <\/div>\n<\/a>\n<a href=\"https:\/\/curiousabout.glasgowsciencecentre.org\/ourplanet\/the-greenhouse\/climate-voices-mhairi-duncan\/\" class=\"grid-list__item\">\n    <img width=\"610\" height=\"340\" src=\"https:\/\/curiousabout.glasgowsciencecentre.org\/ourplanet\/wp-content\/uploads\/sites\/1\/2021\/01\/CV7-Mhairi-Duncan-TN-610x340.png\" class=\"attachment-thumbnail size-thumbnail wp-post-image\" alt=\"\" decoding=\"async\" loading=\"lazy\" \/>    <div class=\"grid-list__content\">\n        <ul class=\"grid-list__terms\"><li style=\"background-color:#835fa5;\" class=\"climate-change\">Climate Change<\/li><\/ul>        <h3>Climate Voices: Mhairi Duncan<\/h3>        <div class=\"event-date\">\n            <!-- event date -->\n            <span class=\"event-date__item\">\n                            <\/span>\n        <\/div>\n        <span>Zoology student Mhairi Duncan shares her views on climate change and her hopes for the future. Mhairi is a student at the University of Glasgow who has been working with us here at GSC for her final year project.<\/span>    <\/div>\n<\/a>\n<a href=\"https:\/\/curiousabout.glasgowsciencecentre.org\/ourplanet\/the-greenhouse\/vanishing-species\/\" class=\"grid-list__item\">\n    <img width=\"610\" height=\"340\" src=\"https:\/\/curiousabout.glasgowsciencecentre.org\/ourplanet\/wp-content\/uploads\/sites\/1\/2020\/12\/Tansy-Beetle-drawing-with-voice-over-from-RobertMacFarlanes-daughter-610x340.png\" class=\"attachment-thumbnail size-thumbnail wp-post-image\" alt=\"\" decoding=\"async\" loading=\"lazy\" \/>    <div class=\"grid-list__content\">\n        <ul class=\"grid-list__terms\"><li class=\"grid-list__restriction grid-list__restriction--8andover grid-list__restriction--1\">\n                        8 and over\n                    <\/li><li style=\"background-color:#609a90;\" class=\"biodiversity\">Biodiversity<\/li><li style=\"background-color:#4d6133;\" class=\"conservation\">Conservation<\/li><\/ul>        <h3>Vanishing Species<\/h3>        <div class=\"event-date\">\n            <!-- event date -->\n            <span class=\"event-date__item\">\n                            <\/span>\n        <\/div>\n        <span>This short video by Lily Macfarlane explains why biodiversity loss, extinction and vanishing species really, really matter.<\/span>    <\/div>\n<\/a>\n<a href=\"https:\/\/curiousabout.glasgowsciencecentre.org\/ourplanet\/the-greenhouse\/red-fox-by-robert-macfarlane-and-jackie-morris\/\" class=\"grid-list__item\">\n    <img width=\"610\" height=\"340\" src=\"https:\/\/curiousabout.glasgowsciencecentre.org\/ourplanet\/wp-content\/uploads\/sites\/1\/2020\/12\/redfox2-610x340.png\" class=\"attachment-thumbnail size-thumbnail wp-post-image\" alt=\"\" decoding=\"async\" loading=\"lazy\" \/>    <div class=\"grid-list__content\">\n        <ul class=\"grid-list__terms\"><li class=\"grid-list__restriction grid-list__restriction--8andover grid-list__restriction--1\">\n                        8 and over\n                    <\/li><li style=\"background-color:#609a90;\" class=\"biodiversity\">Biodiversity<\/li><\/ul>        <h3>Red Fox by Robert Robert Macfarlane and Jackie Morris<\/h3>        <div class=\"event-date\">\n            <!-- event date -->\n            <span class=\"event-date__item\">\n                            <\/span>\n        <\/div>\n        <span>Celebrate the wild world of our fox neighbours and the biodiversity they bring to our towns and villages in this illustrated poem. <\/span>    <\/div>\n<\/a>\n<a href=\"https:\/\/curiousabout.glasgowsciencecentre.org\/ourplanet\/the-greenhouse\/wwf-world-wildlife-fund-for-nature\/\" class=\"grid-list__item\">\n    <img width=\"610\" height=\"340\" src=\"https:\/\/curiousabout.glasgowsciencecentre.org\/ourplanet\/wp-content\/uploads\/sites\/1\/2020\/12\/Small_WW2122571-610x340.jpg\" class=\"attachment-thumbnail size-thumbnail wp-post-image\" alt=\"\" decoding=\"async\" loading=\"lazy\" \/>    <div class=\"grid-list__content\">\n        <ul class=\"grid-list__terms\"><li class=\"grid-list__restriction grid-list__restriction--allages grid-list__restriction--1\">\n                        all ages\n                    <\/li><li style=\"background-color:#609a90;\" class=\"biodiversity\">Biodiversity<\/li><li style=\"background-color:#835fa5;\" class=\"climate-change\">Climate Change<\/li><li style=\"background-color:#4d6133;\" class=\"conservation\">Conservation<\/li><\/ul>        <h3>WWF: Conservation Projects<\/h3>        <div class=\"event-date\">\n            <!-- event date -->\n            <span class=\"event-date__item\">\n                            <\/span>\n        <\/div>\n        <span>This gallery highlights some of the conservation work which WWF are leading across the world from protecting endangered species to restoring habitats and supporting communities. <\/span>    <\/div>\n<\/a>\n<a href=\"https:\/\/curiousabout.glasgowsciencecentre.org\/ourplanet\/the-greenhouse\/climate-reflections\/\" class=\"grid-list__item\">\n    <img width=\"610\" height=\"340\" src=\"https:\/\/curiousabout.glasgowsciencecentre.org\/ourplanet\/wp-content\/uploads\/sites\/1\/2021\/01\/Sundarbans-fisherman-610x340.jpg\" class=\"attachment-thumbnail size-thumbnail wp-post-image\" alt=\"\" decoding=\"async\" loading=\"lazy\" \/>    <div class=\"grid-list__content\">\n        <ul class=\"grid-list__terms\"><li class=\"grid-list__restriction grid-list__restriction--13andover grid-list__restriction--1\">\n                        13 and over\n                    <\/li><li style=\"background-color:#835fa5;\" class=\"climate-change\">Climate Change<\/li><\/ul>        <h3>Climate Reflections<\/h3>        <div class=\"event-date\">\n            <!-- event date -->\n            <span class=\"event-date__item\">\n                            <\/span>\n        <\/div>\n        <span>The Environmental Justice Foundation, Glasgow Science Centre and Scottish Communities Climate Action Network bring you Climate Reflections, a multimedia virtual exhibition of climate stories.<\/span>    <\/div>\n<\/a>\n<a href=\"https:\/\/curiousabout.glasgowsciencecentre.org\/ourplanet\/the-greenhouse\/petrol-in-my-food\/\" class=\"grid-list__item\">\n    <img width=\"610\" height=\"340\" src=\"https:\/\/curiousabout.glasgowsciencecentre.org\/ourplanet\/wp-content\/uploads\/sites\/1\/2021\/08\/Petrol-in-my-Food-610x340.png\" class=\"attachment-thumbnail size-thumbnail wp-post-image\" alt=\"2D image of oil pump cut from newspaper\" decoding=\"async\" loading=\"lazy\" srcset=\"https:\/\/curiousabout.glasgowsciencecentre.org\/ourplanet\/wp-content\/uploads\/sites\/1\/2021\/08\/Petrol-in-my-Food-610x340.png 610w, https:\/\/curiousabout.glasgowsciencecentre.org\/ourplanet\/wp-content\/uploads\/sites\/1\/2021\/08\/Petrol-in-my-Food-300x168.png 300w, https:\/\/curiousabout.glasgowsciencecentre.org\/ourplanet\/wp-content\/uploads\/sites\/1\/2021\/08\/Petrol-in-my-Food-320x179.png 320w, https:\/\/curiousabout.glasgowsciencecentre.org\/ourplanet\/wp-content\/uploads\/sites\/1\/2021\/08\/Petrol-in-my-Food-480x269.png 480w, https:\/\/curiousabout.glasgowsciencecentre.org\/ourplanet\/wp-content\/uploads\/sites\/1\/2021\/08\/Petrol-in-my-Food.png 954w\" sizes=\"(max-width: 610px) 100vw, 610px\" \/>    <div class=\"grid-list__content\">\n        <ul class=\"grid-list__terms\"><li class=\"grid-list__restriction grid-list__restriction--8andover grid-list__restriction--1\">\n                        8 and over\n                    <\/li><li style=\"background-color:#aa8865;\" class=\"energy\">Energy<\/li><li style=\"background-color:#609a90;\" class=\"food\">Food<\/li><\/ul>        <h3>Petrol in my Food<\/h3>        <div class=\"event-date\">\n            <!-- event date -->\n            <span class=\"event-date__item\">\n                            <\/span>\n        <\/div>\n        <span>An old lady may have swallowed a fly, but we are consuming precious crude oil as a result of how we feed ourselves. This video from Keep Scotland Beautiful is inspired by the rhyme &#8216;There was an old lady who swallowed a fly&#8217;. <\/span>    <\/div>\n<\/a>\n<a href=\"https:\/\/curiousabout.glasgowsciencecentre.org\/ourplanet\/the-greenhouse\/the-leaky-tank\/\" class=\"grid-list__item\">\n    <img width=\"610\" height=\"340\" src=\"https:\/\/curiousabout.glasgowsciencecentre.org\/ourplanet\/wp-content\/uploads\/sites\/1\/2021\/08\/The-Leaky-Tank-610x340.png\" class=\"attachment-thumbnail size-thumbnail wp-post-image\" alt=\"illustrated image of a leaky tank\" decoding=\"async\" loading=\"lazy\" srcset=\"https:\/\/curiousabout.glasgowsciencecentre.org\/ourplanet\/wp-content\/uploads\/sites\/1\/2021\/08\/The-Leaky-Tank-610x340.png 610w, https:\/\/curiousabout.glasgowsciencecentre.org\/ourplanet\/wp-content\/uploads\/sites\/1\/2021\/08\/The-Leaky-Tank-300x168.png 300w\" sizes=\"(max-width: 610px) 100vw, 610px\" \/>    <div class=\"grid-list__content\">\n        <ul class=\"grid-list__terms\"><li class=\"grid-list__restriction grid-list__restriction--8andover grid-list__restriction--1\">\n                        8 and over\n                    <\/li><li style=\"background-color:#835fa5;\" class=\"climate-change\">Climate Change<\/li><\/ul>        <h3>The Leaky Tank<\/h3>        <div class=\"event-date\">\n            <!-- event date -->\n            <span class=\"event-date__item\">\n                            <\/span>\n        <\/div>\n        <span>Discover how the Leaky Tank analogy can illustrate the processes of climate change, and why low carbon skills matter, in this animation.<\/span>    <\/div>\n<\/a><\/div>\n\n\n<div class=\"is-layout-flex wp-container-7 wp-block-columns alignfull gsc-cta\">\n<div class=\"is-layout-flow wp-block-column register-now\">\n<div class=\"is-layout-flow wp-block-group\"><div class=\"wp-block-group__inner-container\">\n<h2 class=\"has-text-align-center\">Are you Curious?<\/h2>\n\n\n\n<p class=\"has-text-align-center\">Curious About is for everyone. Get connected and make sure you don\u2019t miss out. Register for updates and be the first to know what\u2019s coming up.<\/p>\n\n\n\n<div class=\"is-layout-flex wp-block-buttons aligncenter\">\n<div class=\"wp-block-button is-style-fill\"><a class=\"wp-block-button__link no-border-radius\" href=\"https:\/\/mailchi.mp\/gsc.org.uk\/curious-about-glasgow-science-centre\" target=\"_blank\" rel=\"noreferrer noopener\">Register Now<\/a><\/div>\n<\/div>\n<\/div><\/div>\n<\/div>\n\n\n\n<div class=\"is-layout-flow wp-block-column donate\">\n<div class=\"is-layout-flow wp-block-group\"><div class=\"wp-block-group__inner-container\">\n<h2 class=\"has-text-align-center\">Your support is vital<\/h2>\n\n\n\n<p class=\"has-text-align-center\">Curious About is free! If you enjoy the event, please consider making a donation to help support Glasgow Science Centre&#8217;s charitable mission to continue making science accessible to everyone.&nbsp;<br>Glasgow Science Centre is a registered Scottish Charity (SC030809).&nbsp;<\/p>\n\n\n\n<div class=\"is-layout-flex wp-block-buttons aligncenter\">\n<div class=\"wp-block-button is-style-fill\"><a class=\"wp-block-button__link\" href=\"https:\/\/www.paypal.com\/donate\/?cmd=_s-xclick&amp;hosted_button_id=HWFC5EGWN7ZWN\" target=\"_blank\" rel=\"noreferrer noopener\">Make a Donation<\/a><\/div>\n<\/div>\n<\/div><\/div>\n<\/div>\n<\/div>\n","protected":false},"excerpt":{"rendered":"<p>Explore the different exhibitions below by clicking on the tile.<\/p>\n","protected":false},"author":1,"featured_media":0,"parent":0,"menu_order":0,"comment_status":"closed","ping_status":"closed","template":"page-exhibit2.php","meta":[],"acf":[],"yoast_head":"<!-- This site is optimized with the Yoast SEO plugin v21.2 - https:\/\/yoast.com\/wordpress\/plugins\/seo\/ -->\n<title>The Greenhouse - Curious About Our Planet<\/title>\n<meta name=\"description\" content=\"Explore the different exhibitions below by clicking on the title.\" \/>\n<meta name=\"robots\" content=\"index, follow, max-snippet:-1, max-image-preview:large, max-video-preview:-1\" \/>\n<link rel=\"canonical\" href=\"https:\/\/curiousabout.glasgowsciencecentre.org\/ourplanet\/the-greenhouse\/\" \/>\n<meta property=\"og:locale\" content=\"en_GB\" \/>\n<meta property=\"og:type\" content=\"article\" \/>\n<meta property=\"og:title\" content=\"The Greenhouse - Curious About Our Planet\" \/>\n<meta property=\"og:description\" content=\"Explore the different exhibitions below by clicking on the title.\" \/>\n<meta property=\"og:url\" content=\"https:\/\/curiousabout.glasgowsciencecentre.org\/ourplanet\/the-greenhouse\/\" \/>\n<meta property=\"og:site_name\" content=\"Curious About Our Planet\" \/>\n<meta property=\"article:publisher\" content=\"https:\/\/www.facebook.com\/Glasgowsciencecentre\" \/>\n<meta property=\"article:modified_time\" content=\"2021-08-13T07:44:35+00:00\" \/>\n<meta property=\"og:image\" content=\"https:\/\/curiousabout.glasgowsciencecentre.org\/ourplanet\/wp-content\/uploads\/sites\/1\/2021\/01\/gsc-logo.jpg\" \/>\n\t<meta property=\"og:image:width\" content=\"1200\" \/>\n\t<meta property=\"og:image:height\" content=\"630\" \/>\n\t<meta property=\"og:image:type\" content=\"image\/jpeg\" \/>\n<meta name=\"twitter:card\" content=\"summary_large_image\" \/>\n<meta name=\"twitter:site\" content=\"@gsc1\" \/>\n<meta name=\"twitter:label1\" content=\"Estimated reading time\" \/>\n\t<meta name=\"twitter:data1\" content=\"1 minute\" \/>\n<script type=\"application\/ld+json\" class=\"yoast-schema-graph\">{\"@context\":\"https:\/\/schema.org\",\"@graph\":[{\"@type\":\"WebPage\",\"@id\":\"https:\/\/curiousabout.glasgowsciencecentre.org\/ourplanet\/the-greenhouse\/\",\"url\":\"https:\/\/curiousabout.glasgowsciencecentre.org\/ourplanet\/the-greenhouse\/\",\"name\":\"The Greenhouse - Curious About Our Planet\",\"isPartOf\":{\"@id\":\"https:\/\/curiousabout.glasgowsciencecentre.org\/ourplanet\/#website\"},\"datePublished\":\"2020-10-21T15:26:00+00:00\",\"dateModified\":\"2021-08-13T07:44:35+00:00\",\"description\":\"Explore the different exhibitions below by clicking on the title.\",\"breadcrumb\":{\"@id\":\"https:\/\/curiousabout.glasgowsciencecentre.org\/ourplanet\/the-greenhouse\/#breadcrumb\"},\"inLanguage\":\"en-GB\",\"potentialAction\":[{\"@type\":\"ReadAction\",\"target\":[\"https:\/\/curiousabout.glasgowsciencecentre.org\/ourplanet\/the-greenhouse\/\"]}]},{\"@type\":\"BreadcrumbList\",\"@id\":\"https:\/\/curiousabout.glasgowsciencecentre.org\/ourplanet\/the-greenhouse\/#breadcrumb\",\"itemListElement\":[{\"@type\":\"ListItem\",\"position\":1,\"name\":\"Home\",\"item\":\"https:\/\/curiousabout.glasgowsciencecentre.org\/ourplanet\/\"},{\"@type\":\"ListItem\",\"position\":2,\"name\":\"The Greenhouse\"}]},{\"@type\":\"WebSite\",\"@id\":\"https:\/\/curiousabout.glasgowsciencecentre.org\/ourplanet\/#website\",\"url\":\"https:\/\/curiousabout.glasgowsciencecentre.org\/ourplanet\/\",\"name\":\"Curious About Our Planet\",\"description\":\"This 3 day festival celebrates the diversity of the planet and the dangers it faces.\",\"publisher\":{\"@id\":\"https:\/\/curiousabout.glasgowsciencecentre.org\/ourplanet\/#organization\"},\"potentialAction\":[{\"@type\":\"SearchAction\",\"target\":{\"@type\":\"EntryPoint\",\"urlTemplate\":\"https:\/\/curiousabout.glasgowsciencecentre.org\/ourplanet\/?s={search_term_string}\"},\"query-input\":\"required name=search_term_string\"}],\"inLanguage\":\"en-GB\"},{\"@type\":\"Organization\",\"@id\":\"https:\/\/curiousabout.glasgowsciencecentre.org\/ourplanet\/#organization\",\"name\":\"Curious about Glasgow Science Centre\",\"url\":\"https:\/\/curiousabout.glasgowsciencecentre.org\/ourplanet\/\",\"logo\":{\"@type\":\"ImageObject\",\"inLanguage\":\"en-GB\",\"@id\":\"https:\/\/curiousabout.glasgowsciencecentre.org\/ourplanet\/#\/schema\/logo\/image\/\",\"url\":\"https:\/\/curiousabout.glasgowsciencecentre.org\/ourplanet\/wp-content\/uploads\/sites\/1\/2021\/01\/gsc-logo.jpg\",\"contentUrl\":\"https:\/\/curiousabout.glasgowsciencecentre.org\/ourplanet\/wp-content\/uploads\/sites\/1\/2021\/01\/gsc-logo.jpg\",\"width\":1200,\"height\":630,\"caption\":\"Curious about Glasgow Science Centre\"},\"image\":{\"@id\":\"https:\/\/curiousabout.glasgowsciencecentre.org\/ourplanet\/#\/schema\/logo\/image\/\"},\"sameAs\":[\"https:\/\/www.facebook.com\/Glasgowsciencecentre\",\"https:\/\/twitter.com\/gsc1\",\"https:\/\/www.instagram.com\/glasgowsciencecentre\"]}]}<\/script>\n<!-- \/ Yoast SEO plugin. -->","yoast_head_json":{"title":"The Greenhouse - Curious About Our Planet","description":"Explore the different exhibitions below by clicking on the title.","robots":{"index":"index","follow":"follow","max-snippet":"max-snippet:-1","max-image-preview":"max-image-preview:large","max-video-preview":"max-video-preview:-1"},"canonical":"https:\/\/curiousabout.glasgowsciencecentre.org\/ourplanet\/the-greenhouse\/","og_locale":"en_GB","og_type":"article","og_title":"The Greenhouse - Curious About Our Planet","og_description":"Explore the different exhibitions below by clicking on the title.","og_url":"https:\/\/curiousabout.glasgowsciencecentre.org\/ourplanet\/the-greenhouse\/","og_site_name":"Curious About Our Planet","article_publisher":"https:\/\/www.facebook.com\/Glasgowsciencecentre","article_modified_time":"2021-08-13T07:44:35+00:00","og_image":[{"width":1200,"height":630,"url":"https:\/\/curiousabout.glasgowsciencecentre.org\/ourplanet\/wp-content\/uploads\/sites\/1\/2021\/01\/gsc-logo.jpg","type":"image\/jpeg"}],"twitter_card":"summary_large_image","twitter_site":"@gsc1","twitter_misc":{"Estimated reading time":"1 minute"},"schema":{"@context":"https:\/\/schema.org","@graph":[{"@type":"WebPage","@id":"https:\/\/curiousabout.glasgowsciencecentre.org\/ourplanet\/the-greenhouse\/","url":"https:\/\/curiousabout.glasgowsciencecentre.org\/ourplanet\/the-greenhouse\/","name":"The Greenhouse - Curious About Our Planet","isPartOf":{"@id":"https:\/\/curiousabout.glasgowsciencecentre.org\/ourplanet\/#website"},"datePublished":"2020-10-21T15:26:00+00:00","dateModified":"2021-08-13T07:44:35+00:00","description":"Explore the different exhibitions below by clicking on the title.","breadcrumb":{"@id":"https:\/\/curiousabout.glasgowsciencecentre.org\/ourplanet\/the-greenhouse\/#breadcrumb"},"inLanguage":"en-GB","potentialAction":[{"@type":"ReadAction","target":["https:\/\/curiousabout.glasgowsciencecentre.org\/ourplanet\/the-greenhouse\/"]}]},{"@type":"BreadcrumbList","@id":"https:\/\/curiousabout.glasgowsciencecentre.org\/ourplanet\/the-greenhouse\/#breadcrumb","itemListElement":[{"@type":"ListItem","position":1,"name":"Home","item":"https:\/\/curiousabout.glasgowsciencecentre.org\/ourplanet\/"},{"@type":"ListItem","position":2,"name":"The Greenhouse"}]},{"@type":"WebSite","@id":"https:\/\/curiousabout.glasgowsciencecentre.org\/ourplanet\/#website","url":"https:\/\/curiousabout.glasgowsciencecentre.org\/ourplanet\/","name":"Curious About Our Planet","description":"This 3 day festival celebrates the diversity of the planet and the dangers it faces.","publisher":{"@id":"https:\/\/curiousabout.glasgowsciencecentre.org\/ourplanet\/#organization"},"potentialAction":[{"@type":"SearchAction","target":{"@type":"EntryPoint","urlTemplate":"https:\/\/curiousabout.glasgowsciencecentre.org\/ourplanet\/?s={search_term_string}"},"query-input":"required name=search_term_string"}],"inLanguage":"en-GB"},{"@type":"Organization","@id":"https:\/\/curiousabout.glasgowsciencecentre.org\/ourplanet\/#organization","name":"Curious about Glasgow Science Centre","url":"https:\/\/curiousabout.glasgowsciencecentre.org\/ourplanet\/","logo":{"@type":"ImageObject","inLanguage":"en-GB","@id":"https:\/\/curiousabout.glasgowsciencecentre.org\/ourplanet\/#\/schema\/logo\/image\/","url":"https:\/\/curiousabout.glasgowsciencecentre.org\/ourplanet\/wp-content\/uploads\/sites\/1\/2021\/01\/gsc-logo.jpg","contentUrl":"https:\/\/curiousabout.glasgowsciencecentre.org\/ourplanet\/wp-content\/uploads\/sites\/1\/2021\/01\/gsc-logo.jpg","width":1200,"height":630,"caption":"Curious about Glasgow Science Centre"},"image":{"@id":"https:\/\/curiousabout.glasgowsciencecentre.org\/ourplanet\/#\/schema\/logo\/image\/"},"sameAs":["https:\/\/www.facebook.com\/Glasgowsciencecentre","https:\/\/twitter.com\/gsc1","https:\/\/www.instagram.com\/glasgowsciencecentre"]}]}},"_links":{"self":[{"href":"https:\/\/curiousabout.glasgowsciencecentre.org\/ourplanet\/wp-json\/wp\/v2\/pages\/10"}],"collection":[{"href":"https:\/\/curiousabout.glasgowsciencecentre.org\/ourplanet\/wp-json\/wp\/v2\/pages"}],"about":[{"href":"https:\/\/curiousabout.glasgowsciencecentre.org\/ourplanet\/wp-json\/wp\/v2\/types\/page"}],"author":[{"embeddable":true,"href":"https:\/\/curiousabout.glasgowsciencecentre.org\/ourplanet\/wp-json\/wp\/v2\/users\/1"}],"replies":[{"embeddable":true,"href":"https:\/\/curiousabout.glasgowsciencecentre.org\/ourplanet\/wp-json\/wp\/v2\/comments?post=10"}],"version-history":[{"count":26,"href":"https:\/\/curiousabout.glasgowsciencecentre.org\/ourplanet\/wp-json\/wp\/v2\/pages\/10\/revisions"}],"predecessor-version":[{"id":1933,"href":"https:\/\/curiousabout.glasgowsciencecentre.org\/ourplanet\/wp-json\/wp\/v2\/pages\/10\/revisions\/1933"}],"wp:attachment":[{"href":"https:\/\/curiousabout.glasgowsciencecentre.org\/ourplanet\/wp-json\/wp\/v2\/media?parent=10"}],"curies":[{"name":"wp","href":"https:\/\/api.w.org\/{rel}","templated":true}]}}